{"id":15600,"date":"2021-08-18T23:04:04","date_gmt":"2021-08-18T21:04:04","guid":{"rendered":"https:\/\/granvelada.com\/blog\/?page_id=15600"},"modified":"2024-08-06T11:02:05","modified_gmt":"2024-08-06T09:02:05","slug":"recetas","status":"publish","type":"page","link":"https:\/\/granvelada.com\/blog\/recetas\/","title":{"rendered":"Recetas"},"content":{"rendered":"<section class=\"l-section wpb_row us_custom_d89a54c1  hide_on_tablets hide_on_mobiles height_medium width_full\"><div class=\"l-section-h i-cf\"><div class=\"g-cols vc_row via_flex valign_top type_default stacking_default\"><div class=\"vc_col-sm-12 wpb_column vc_column_container\"><div class=\"vc_column-inner\"><div class=\"wpb_wrapper\"><div class=\"w-image  hide_on_tablets hide_on_mobiles align_center\"><div class=\"w-image-h\"><img title=\" \"loading=\"lazy\" decoding=\"async\" width=\"2181\" height=\"466\" src=\"https:\/\/granvelada.com\/blog\/wp-content\/uploads\/2021\/08\/banner-recetas.jpg\" class=\"attachment-full size-full\" alt=\" \" srcset=\"https:\/\/granvelada.com\/blog\/wp-content\/uploads\/2021\/08\/banner-recetas.jpg 2181w, https:\/\/granvelada.com\/blog\/wp-content\/uploads\/2021\/08\/banner-recetas-387x83.jpg 387w, https:\/\/granvelada.com\/blog\/wp-content\/uploads\/2021\/08\/banner-recetas-848x181.jpg 848w, https:\/\/granvelada.com\/blog\/wp-content\/uploads\/2021\/08\/banner-recetas-768x164.jpg 768w, https:\/\/granvelada.com\/blog\/wp-content\/uploads\/2021\/08\/banner-recetas-1000x214.jpg 1000w, https:\/\/granvelada.com\/blog\/wp-content\/uploads\/2021\/08\/banner-recetas-947x202.jpg 947w\" sizes=\"auto, (max-width: 2181px) 100vw, 2181px\" \/><\/div><\/div><\/div><\/div><\/div><\/div><\/div><\/section><section class=\"l-section wpb_row us_custom_f78183ed  hide_on_default hide_on_laptops hide_on_tablets height_medium width_full\"><div class=\"l-section-h i-cf\"><div class=\"g-cols vc_row via_flex valign_top type_default stacking_default\"><div class=\"vc_col-sm-12 wpb_column vc_column_container\"><div class=\"vc_column-inner\"><div class=\"wpb_wrapper\"><div class=\"w-image  hide_on_default hide_on_laptops hide_on_tablets align_center\"><div class=\"w-image-h\"><img title=\" \"loading=\"lazy\" decoding=\"async\" width=\"1889\" height=\"1189\" src=\"https:\/\/granvelada.com\/blog\/wp-content\/uploads\/2021\/08\/banner-recetas-movil.jpg\" class=\"attachment-full size-full\" alt=\" \" srcset=\"https:\/\/granvelada.com\/blog\/wp-content\/uploads\/2021\/08\/banner-recetas-movil.jpg 1889w, https:\/\/granvelada.com\/blog\/wp-content\/uploads\/2021\/08\/banner-recetas-movil-346x218.jpg 346w, https:\/\/granvelada.com\/blog\/wp-content\/uploads\/2021\/08\/banner-recetas-movil-758x477.jpg 758w, https:\/\/granvelada.com\/blog\/wp-content\/uploads\/2021\/08\/banner-recetas-movil-768x483.jpg 768w, https:\/\/granvelada.com\/blog\/wp-content\/uploads\/2021\/08\/banner-recetas-movil-1379x868.jpg 1379w, https:\/\/granvelada.com\/blog\/wp-content\/uploads\/2021\/08\/banner-recetas-movil-1000x629.jpg 1000w, https:\/\/granvelada.com\/blog\/wp-content\/uploads\/2021\/08\/banner-recetas-movil-947x596.jpg 947w\" sizes=\"auto, (max-width: 1889px) 100vw, 1889px\" \/><\/div><\/div><\/div><\/div><\/div><\/div><\/div><\/section><section class=\"l-section wpb_row us_custom_2e507188  hide_on_default hide_on_laptops hide_on_mobiles height_medium width_full\"><div class=\"l-section-h i-cf\"><div class=\"g-cols vc_row via_flex valign_top type_default stacking_default\"><div class=\"vc_col-sm-12 wpb_column vc_column_container\"><div class=\"vc_column-inner\"><div class=\"wpb_wrapper\"><div class=\"w-image us_custom_0eefff9f align_center\"><div class=\"w-image-h\"><img title=\" \"loading=\"lazy\" decoding=\"async\" width=\"2185\" height=\"1182\" src=\"https:\/\/granvelada.com\/blog\/wp-content\/uploads\/2021\/08\/banner-recetas-tablet.jpg\" class=\"attachment-full size-full\" alt=\" \" srcset=\"https:\/\/granvelada.com\/blog\/wp-content\/uploads\/2021\/08\/banner-recetas-tablet.jpg 2185w, https:\/\/granvelada.com\/blog\/wp-content\/uploads\/2021\/08\/banner-recetas-tablet-387x209.jpg 387w, https:\/\/granvelada.com\/blog\/wp-content\/uploads\/2021\/08\/banner-recetas-tablet-848x459.jpg 848w, https:\/\/granvelada.com\/blog\/wp-content\/uploads\/2021\/08\/banner-recetas-tablet-768x415.jpg 768w, https:\/\/granvelada.com\/blog\/wp-content\/uploads\/2021\/08\/banner-recetas-tablet-1605x868.jpg 1605w, https:\/\/granvelada.com\/blog\/wp-content\/uploads\/2021\/08\/banner-recetas-tablet-1000x541.jpg 1000w, https:\/\/granvelada.com\/blog\/wp-content\/uploads\/2021\/08\/banner-recetas-tablet-947x512.jpg 947w\" sizes=\"auto, (max-width: 2185px) 100vw, 2185px\" \/><\/div><\/div><\/div><\/div><\/div><\/div><\/div><\/section><section class=\"l-section wpb_row height_medium\"><div class=\"l-section-h i-cf\"><div class=\"g-cols vc_row via_flex valign_top type_default stacking_default\"><div class=\"vc_col-sm-12 wpb_column vc_column_container\"><div class=\"vc_column-inner\"><div class=\"wpb_wrapper\"><div class=\"w-grid type_grid layout_15578 cols_4\" id=\"us_grid_1\" data-filterable=\"true\"><style>#us_grid_1 .w-grid-item{padding:0.5rem}#us_grid_1 .w-grid-list{margin:-0.5rem -0.5rem 0.5rem}.w-grid + #us_grid_1 .w-grid-list,.w-grid-none + #us_grid_1 .w-grid-list{margin-top:0.5rem}@media (max-width:1199px){#us_grid_1 .w-grid-item{width:33.3333%}}@media (max-width:899px){#us_grid_1 .w-grid-item{width:50%}}@media (max-width:599px){#us_grid_1 .w-grid-list{margin:0}#us_grid_1 .w-grid-item{width:100%;padding:0;margin-bottom:0.5rem}}.layout_15578 .w-grid-item-h{}.layout_15578 .usg_vwrapper_1{transition-duration:0.3s;transform-origin:50% 50%;transform:scale(1) translate(0%,0%)}.layout_15578 .w-grid-item-h:hover .usg_vwrapper_1{transform:scale(1) translate(0%,0%);opacity:1}.layout_15578 .usg_post_title_1{transition-duration:0.3s;transform-origin:50% 50%;transform:scale(1) translate(0%,0%)}.layout_15578 .w-grid-item-h:hover .usg_post_title_1{transform:scale(1) translate(0%,0%);opacity:1;color:#1a1a1a!important}.layout_15578 .usg_hwrapper_1{transition-duration:0.3s;transform-origin:50% 50%;transform:scale(1) translate(0%,0%)}.layout_15578 .w-grid-item-h:hover .usg_hwrapper_1{transform:scale(1) translate(0%,0%);opacity:1;color:#1a1a1a!important}.layout_15578 .usg_vwrapper_3{transition-duration:0.3s;transform-origin:50% 50%;transform:scale(1) translate(0%,0%)}.layout_15578 .w-grid-item-h:hover .usg_vwrapper_3{transform:scale(1) translate(0%,0%);opacity:1;color:#000000!important}.layout_15578 .usg_vwrapper_1{padding:0px 0px 20px 0px!important;margin:0px 5px 0px 5px!important;border:1 solid #000000!important}.layout_15578 .usg_post_title_1{color:#000000!important;font-size:14px!important;line-height:16px!important;font-family:GT America!important;text-transform:uppercase!important;height:80px!important;max-height:80px!important;min-height:80px!important}.layout_15578 .usg_hwrapper_1{color:#1a1a1a!important;margin-top:-10px!important;padding-top:5px!important}.layout_15578 .usg_vwrapper_2{padding:0px!important;margin:0px!important}.layout_15578 .usg_vwrapper_3{color:#000000!important;width:100%!important;border-style:solid!important;border-width:0px!important;padding:40px 20px 20px 20px!important;margin:0% 100% 0% 100%!important}.layout_15578 .usg_btn_1{text-align:center!important}.layout_15578 .usg_post_date_1{color:#000000!important;font-family:GT America!important;font-size:12px!important}@media (min-width:1094px) and (max-width:1348px){.layout_15578 .usg_hwrapper_1{margin-top:-10px!important;padding-top:5px!important}}@media (min-width:554px) and (max-width:1093px){.layout_15578 .usg_hwrapper_1{margin-top:15px!important;padding-top:5px!important}}@media (max-width:553px){.layout_15578 .usg_hwrapper_1{margin-top:10px!important;padding-top:0px!important}}<\/style><div class=\"w-grid-list\">\t<article class=\"w-grid-item size_1x1 post-29056 post type-post status-publish format-standard has-post-thumbnail hentry category-consejos-y-trucos category-detalles-para-comuniones category-hacer-velas category-manualidades-para-regalar category-post category-ultimos-posts category-velas-decorativas\" data-id=\"29056\">\r\n\t\t<div class=\"w-grid-item-h\">\r\n\t\t\t\t\t\t<div class=\"w-vwrapper usg_vwrapper_1 align_center valign_top\"><div class=\"w-vwrapper usg_vwrapper_2 align_center valign_top\"><div class=\"w-post-elm post_image usg_post_image_1 stretched\"><a href=\"https:\/\/granvelada.com\/blog\/vela-cirio-estriado-comunion-bautizo\/\" aria-label=\"Vela cirio estriado para Comuni\u00f3n o Bautizo: elegante, personalizada y hecha por ti\"><img decoding=\"async\" title=\" \"width=\"424\" height=\"239\" src=\"https:\/\/granvelada.com\/blog\/wp-content\/uploads\/2026\/03\/3014-velas-cirio-comunion-o-bautizo-portada2-424x239.jpg\" class=\"attachment-us_424_239_crop size-us_424_239_crop wp-post-image\" alt=\" \" srcset=\"https:\/\/granvelada.com\/blog\/wp-content\/uploads\/2026\/03\/3014-velas-cirio-comunion-o-bautizo-portada2-424x239.jpg 424w, https:\/\/granvelada.com\/blog\/wp-content\/uploads\/2026\/03\/3014-velas-cirio-comunion-o-bautizo-portada2-387x218.jpg 387w, https:\/\/granvelada.com\/blog\/wp-content\/uploads\/2026\/03\/3014-velas-cirio-comunion-o-bautizo-portada2-848x477.jpg 848w, https:\/\/granvelada.com\/blog\/wp-content\/uploads\/2026\/03\/3014-velas-cirio-comunion-o-bautizo-portada2-129x73.jpg 129w, https:\/\/granvelada.com\/blog\/wp-content\/uploads\/2026\/03\/3014-velas-cirio-comunion-o-bautizo-portada2-768x432.jpg 768w, https:\/\/granvelada.com\/blog\/wp-content\/uploads\/2026\/03\/3014-velas-cirio-comunion-o-bautizo-portada2-300x169.jpg 300w, https:\/\/granvelada.com\/blog\/wp-content\/uploads\/2026\/03\/3014-velas-cirio-comunion-o-bautizo-portada2-317x178.jpg 317w, https:\/\/granvelada.com\/blog\/wp-content\/uploads\/2026\/03\/3014-velas-cirio-comunion-o-bautizo-portada2-896x504.jpg 896w, https:\/\/granvelada.com\/blog\/wp-content\/uploads\/2026\/03\/3014-velas-cirio-comunion-o-bautizo-portada2-581x327.jpg 581w, https:\/\/granvelada.com\/blog\/wp-content\/uploads\/2026\/03\/3014-velas-cirio-comunion-o-bautizo-portada2-310x174.jpg 310w, https:\/\/granvelada.com\/blog\/wp-content\/uploads\/2026\/03\/3014-velas-cirio-comunion-o-bautizo-portada2-232x131.jpg 232w, https:\/\/granvelada.com\/blog\/wp-content\/uploads\/2026\/03\/3014-velas-cirio-comunion-o-bautizo-portada2-275x155.jpg 275w, https:\/\/granvelada.com\/blog\/wp-content\/uploads\/2026\/03\/3014-velas-cirio-comunion-o-bautizo-portada2-1000x563.jpg 1000w, https:\/\/granvelada.com\/blog\/wp-content\/uploads\/2026\/03\/3014-velas-cirio-comunion-o-bautizo-portada2-947x533.jpg 947w, https:\/\/granvelada.com\/blog\/wp-content\/uploads\/2026\/03\/3014-velas-cirio-comunion-o-bautizo-portada2.jpg 1200w\" sizes=\"(max-width: 424px) 100vw, 424px\" \/><\/a><\/div><\/div><div class=\"w-vwrapper usg_vwrapper_3 align_center valign_top\"><time class=\"w-post-elm post_date usg_post_date_1 entry-date published\" datetime=\"2026-03-30T14:31:25+02:00\">30.03.26<\/time><h3 class=\"w-post-elm post_title usg_post_title_1 align_center entry-title color_link_inherit\"><a href=\"https:\/\/granvelada.com\/blog\/vela-cirio-estriado-comunion-bautizo\/\">Vela cirio estriado para Comuni\u00f3n o Bautizo: elegante, personalizada y hecha por ti<\/a><\/h3><div class=\"w-hwrapper usg_hwrapper_1 align_justify valign_top\" style=\"--hwrapper-gap:1.20rem\"><a class=\"w-btn us-btn-style_11 usg_btn_1\" href=\"https:\/\/granvelada.com\/blog\/vela-cirio-estriado-comunion-bautizo\/\"><span class=\"w-btn-label\">LEER POST<\/span><\/a><\/div><\/div><\/div>\t\t<\/div>\r\n\t<\/article>\r\n\t<article class=\"w-grid-item size_1x1 post-29009 post type-post status-publish format-standard has-post-thumbnail hentry category-consejos-y-trucos category-detalles-para-comuniones category-hacer-jabones category-jabones-de-glicerina category-manualidades-para-regalar category-post category-ultimos-posts\" data-id=\"29009\">\r\n\t\t<div class=\"w-grid-item-h\">\r\n\t\t\t\t\t\t<div class=\"w-vwrapper usg_vwrapper_1 align_center valign_top\"><div class=\"w-vwrapper usg_vwrapper_2 align_center valign_top\"><div class=\"w-post-elm post_image usg_post_image_1 stretched\"><a href=\"https:\/\/granvelada.com\/blog\/jabones-marineros-para-comunion-como-hacerlos-paso-a-paso\/\" aria-label=\"Jabones marineros para comuni\u00f3n: c\u00f3mo hacerlos paso a paso\"><img decoding=\"async\" title=\" \"width=\"424\" height=\"239\" src=\"https:\/\/granvelada.com\/blog\/wp-content\/uploads\/2026\/03\/3015-jabones-marineros-de-comunion-portada2-424x239.jpg\" class=\"attachment-us_424_239_crop size-us_424_239_crop wp-post-image\" alt=\" \" srcset=\"https:\/\/granvelada.com\/blog\/wp-content\/uploads\/2026\/03\/3015-jabones-marineros-de-comunion-portada2-424x239.jpg 424w, https:\/\/granvelada.com\/blog\/wp-content\/uploads\/2026\/03\/3015-jabones-marineros-de-comunion-portada2-387x218.jpg 387w, https:\/\/granvelada.com\/blog\/wp-content\/uploads\/2026\/03\/3015-jabones-marineros-de-comunion-portada2-848x477.jpg 848w, https:\/\/granvelada.com\/blog\/wp-content\/uploads\/2026\/03\/3015-jabones-marineros-de-comunion-portada2-129x73.jpg 129w, https:\/\/granvelada.com\/blog\/wp-content\/uploads\/2026\/03\/3015-jabones-marineros-de-comunion-portada2-768x432.jpg 768w, https:\/\/granvelada.com\/blog\/wp-content\/uploads\/2026\/03\/3015-jabones-marineros-de-comunion-portada2-300x169.jpg 300w, https:\/\/granvelada.com\/blog\/wp-content\/uploads\/2026\/03\/3015-jabones-marineros-de-comunion-portada2-317x178.jpg 317w, https:\/\/granvelada.com\/blog\/wp-content\/uploads\/2026\/03\/3015-jabones-marineros-de-comunion-portada2-896x504.jpg 896w, https:\/\/granvelada.com\/blog\/wp-content\/uploads\/2026\/03\/3015-jabones-marineros-de-comunion-portada2-581x327.jpg 581w, https:\/\/granvelada.com\/blog\/wp-content\/uploads\/2026\/03\/3015-jabones-marineros-de-comunion-portada2-310x174.jpg 310w, https:\/\/granvelada.com\/blog\/wp-content\/uploads\/2026\/03\/3015-jabones-marineros-de-comunion-portada2-232x131.jpg 232w, https:\/\/granvelada.com\/blog\/wp-content\/uploads\/2026\/03\/3015-jabones-marineros-de-comunion-portada2-275x155.jpg 275w, https:\/\/granvelada.com\/blog\/wp-content\/uploads\/2026\/03\/3015-jabones-marineros-de-comunion-portada2-1000x563.jpg 1000w, https:\/\/granvelada.com\/blog\/wp-content\/uploads\/2026\/03\/3015-jabones-marineros-de-comunion-portada2-947x533.jpg 947w, https:\/\/granvelada.com\/blog\/wp-content\/uploads\/2026\/03\/3015-jabones-marineros-de-comunion-portada2.jpg 1200w\" sizes=\"(max-width: 424px) 100vw, 424px\" \/><\/a><\/div><\/div><div class=\"w-vwrapper usg_vwrapper_3 align_center valign_top\"><time class=\"w-post-elm post_date usg_post_date_1 entry-date published\" datetime=\"2026-03-30T12:42:19+02:00\">30.03.26<\/time><h3 class=\"w-post-elm post_title usg_post_title_1 align_center entry-title color_link_inherit\"><a href=\"https:\/\/granvelada.com\/blog\/jabones-marineros-para-comunion-como-hacerlos-paso-a-paso\/\">Jabones marineros para comuni\u00f3n: c\u00f3mo hacerlos paso a paso<\/a><\/h3><div class=\"w-hwrapper usg_hwrapper_1 align_justify valign_top\" style=\"--hwrapper-gap:1.20rem\"><a class=\"w-btn us-btn-style_11 usg_btn_1\" href=\"https:\/\/granvelada.com\/blog\/jabones-marineros-para-comunion-como-hacerlos-paso-a-paso\/\"><span class=\"w-btn-label\">LEER POST<\/span><\/a><\/div><\/div><\/div>\t\t<\/div>\r\n\t<\/article>\r\n\t<article class=\"w-grid-item size_1x1 post-331 post type-post status-publish format-standard has-post-thumbnail hentry category-hacer-velas category-novedades category-post category-velas-aromaticas category-velas-naturales\" data-id=\"331\">\r\n\t\t<div class=\"w-grid-item-h\">\r\n\t\t\t\t\t\t<div class=\"w-vwrapper usg_vwrapper_1 align_center valign_top\"><div class=\"w-vwrapper usg_vwrapper_2 align_center valign_top\"><div class=\"w-post-elm post_image usg_post_image_1 stretched\"><a href=\"https:\/\/granvelada.com\/blog\/hacer-velas-de-cera-en-vaso\/\" aria-label=\"C\u00f3mo hacer velas en vaso y llenar tu casa de luz y aroma\"><img decoding=\"async\" title=\" \"width=\"424\" height=\"239\" src=\"https:\/\/granvelada.com\/blog\/wp-content\/uploads\/2024\/08\/3009-como-hacer-velas-en-vaso-portada2-424x239.jpg\" class=\"attachment-us_424_239_crop size-us_424_239_crop wp-post-image\" alt=\" \" srcset=\"https:\/\/granvelada.com\/blog\/wp-content\/uploads\/2024\/08\/3009-como-hacer-velas-en-vaso-portada2-424x239.jpg 424w, https:\/\/granvelada.com\/blog\/wp-content\/uploads\/2024\/08\/3009-como-hacer-velas-en-vaso-portada2-387x218.jpg 387w, https:\/\/granvelada.com\/blog\/wp-content\/uploads\/2024\/08\/3009-como-hacer-velas-en-vaso-portada2-848x477.jpg 848w, https:\/\/granvelada.com\/blog\/wp-content\/uploads\/2024\/08\/3009-como-hacer-velas-en-vaso-portada2-129x73.jpg 129w, https:\/\/granvelada.com\/blog\/wp-content\/uploads\/2024\/08\/3009-como-hacer-velas-en-vaso-portada2-768x432.jpg 768w, https:\/\/granvelada.com\/blog\/wp-content\/uploads\/2024\/08\/3009-como-hacer-velas-en-vaso-portada2-300x169.jpg 300w, https:\/\/granvelada.com\/blog\/wp-content\/uploads\/2024\/08\/3009-como-hacer-velas-en-vaso-portada2-317x178.jpg 317w, https:\/\/granvelada.com\/blog\/wp-content\/uploads\/2024\/08\/3009-como-hacer-velas-en-vaso-portada2-896x504.jpg 896w, https:\/\/granvelada.com\/blog\/wp-content\/uploads\/2024\/08\/3009-como-hacer-velas-en-vaso-portada2-581x327.jpg 581w, https:\/\/granvelada.com\/blog\/wp-content\/uploads\/2024\/08\/3009-como-hacer-velas-en-vaso-portada2-310x174.jpg 310w, https:\/\/granvelada.com\/blog\/wp-content\/uploads\/2024\/08\/3009-como-hacer-velas-en-vaso-portada2-232x131.jpg 232w, https:\/\/granvelada.com\/blog\/wp-content\/uploads\/2024\/08\/3009-como-hacer-velas-en-vaso-portada2-275x155.jpg 275w, https:\/\/granvelada.com\/blog\/wp-content\/uploads\/2024\/08\/3009-como-hacer-velas-en-vaso-portada2-1000x563.jpg 1000w, https:\/\/granvelada.com\/blog\/wp-content\/uploads\/2024\/08\/3009-como-hacer-velas-en-vaso-portada2-947x533.jpg 947w, https:\/\/granvelada.com\/blog\/wp-content\/uploads\/2024\/08\/3009-como-hacer-velas-en-vaso-portada2.jpg 1200w\" sizes=\"(max-width: 424px) 100vw, 424px\" \/><\/a><\/div><\/div><div class=\"w-vwrapper usg_vwrapper_3 align_center valign_top\"><time class=\"w-post-elm post_date usg_post_date_1 entry-date published\" datetime=\"2026-03-12T08:39:00+01:00\">12.03.26<\/time><h3 class=\"w-post-elm post_title usg_post_title_1 align_center entry-title color_link_inherit\"><a href=\"https:\/\/granvelada.com\/blog\/hacer-velas-de-cera-en-vaso\/\">C\u00f3mo hacer velas en vaso y llenar tu casa de luz y aroma<\/a><\/h3><div class=\"w-hwrapper usg_hwrapper_1 align_justify valign_top\" style=\"--hwrapper-gap:1.20rem\"><a class=\"w-btn us-btn-style_11 usg_btn_1\" href=\"https:\/\/granvelada.com\/blog\/hacer-velas-de-cera-en-vaso\/\"><span class=\"w-btn-label\">LEER POST<\/span><\/a><\/div><\/div><\/div>\t\t<\/div>\r\n\t<\/article>\r\n\t<article class=\"w-grid-item size_1x1 post-28702 post type-post status-publish format-standard has-post-thumbnail hentry category-detalles-para-bautizos category-detalles-para-bodas category-detalles-para-comuniones category-detalles-para-eventos category-hacer-ambientadores category-manualidades-para-regalar category-post category-ultimos-posts\" data-id=\"28702\">\r\n\t\t<div class=\"w-grid-item-h\">\r\n\t\t\t\t\t\t<div class=\"w-vwrapper usg_vwrapper_1 align_center valign_top\"><div class=\"w-vwrapper usg_vwrapper_2 align_center valign_top\"><div class=\"w-post-elm post_image usg_post_image_1 stretched\"><a href=\"https:\/\/granvelada.com\/blog\/como-hacer-ambientador-casero-para-coche\/\" aria-label=\"C\u00f3mo hacer ambientador casero para coche\"><img decoding=\"async\" title=\" \"width=\"424\" height=\"239\" src=\"https:\/\/granvelada.com\/blog\/wp-content\/uploads\/2026\/03\/3008-ambientador-casero-coche-portada2-424x239.jpg\" class=\"attachment-us_424_239_crop size-us_424_239_crop wp-post-image\" alt=\" \" srcset=\"https:\/\/granvelada.com\/blog\/wp-content\/uploads\/2026\/03\/3008-ambientador-casero-coche-portada2-424x239.jpg 424w, https:\/\/granvelada.com\/blog\/wp-content\/uploads\/2026\/03\/3008-ambientador-casero-coche-portada2-387x218.jpg 387w, https:\/\/granvelada.com\/blog\/wp-content\/uploads\/2026\/03\/3008-ambientador-casero-coche-portada2-848x477.jpg 848w, https:\/\/granvelada.com\/blog\/wp-content\/uploads\/2026\/03\/3008-ambientador-casero-coche-portada2-129x73.jpg 129w, https:\/\/granvelada.com\/blog\/wp-content\/uploads\/2026\/03\/3008-ambientador-casero-coche-portada2-768x432.jpg 768w, https:\/\/granvelada.com\/blog\/wp-content\/uploads\/2026\/03\/3008-ambientador-casero-coche-portada2-300x169.jpg 300w, https:\/\/granvelada.com\/blog\/wp-content\/uploads\/2026\/03\/3008-ambientador-casero-coche-portada2-317x178.jpg 317w, https:\/\/granvelada.com\/blog\/wp-content\/uploads\/2026\/03\/3008-ambientador-casero-coche-portada2-896x504.jpg 896w, https:\/\/granvelada.com\/blog\/wp-content\/uploads\/2026\/03\/3008-ambientador-casero-coche-portada2-581x327.jpg 581w, https:\/\/granvelada.com\/blog\/wp-content\/uploads\/2026\/03\/3008-ambientador-casero-coche-portada2-310x174.jpg 310w, https:\/\/granvelada.com\/blog\/wp-content\/uploads\/2026\/03\/3008-ambientador-casero-coche-portada2-232x131.jpg 232w, https:\/\/granvelada.com\/blog\/wp-content\/uploads\/2026\/03\/3008-ambientador-casero-coche-portada2-275x155.jpg 275w, https:\/\/granvelada.com\/blog\/wp-content\/uploads\/2026\/03\/3008-ambientador-casero-coche-portada2-1000x563.jpg 1000w, https:\/\/granvelada.com\/blog\/wp-content\/uploads\/2026\/03\/3008-ambientador-casero-coche-portada2-947x533.jpg 947w, https:\/\/granvelada.com\/blog\/wp-content\/uploads\/2026\/03\/3008-ambientador-casero-coche-portada2.jpg 1200w\" sizes=\"(max-width: 424px) 100vw, 424px\" \/><\/a><\/div><\/div><div class=\"w-vwrapper usg_vwrapper_3 align_center valign_top\"><time class=\"w-post-elm post_date usg_post_date_1 entry-date published\" datetime=\"2026-03-11T14:15:11+01:00\">11.03.26<\/time><h3 class=\"w-post-elm post_title usg_post_title_1 align_center entry-title color_link_inherit\"><a href=\"https:\/\/granvelada.com\/blog\/como-hacer-ambientador-casero-para-coche\/\">C\u00f3mo hacer ambientador casero para coche<\/a><\/h3><div class=\"w-hwrapper usg_hwrapper_1 align_justify valign_top\" style=\"--hwrapper-gap:1.20rem\"><a class=\"w-btn us-btn-style_11 usg_btn_1\" href=\"https:\/\/granvelada.com\/blog\/como-hacer-ambientador-casero-para-coche\/\"><span class=\"w-btn-label\">LEER POST<\/span><\/a><\/div><\/div><\/div>\t\t<\/div>\r\n\t<\/article>\r\n\t<article class=\"w-grid-item size_1x1 post-28032 post type-post status-publish format-standard has-post-thumbnail hentry category-consejos-y-trucos category-hacer-velas category-post category-ultimos-posts category-velas-aromaticas category-velas-decorativas category-velas-esotericas category-velas-naturales\" data-id=\"28032\">\r\n\t\t<div class=\"w-grid-item-h\">\r\n\t\t\t\t\t\t<div class=\"w-vwrapper usg_vwrapper_1 align_center valign_top\"><div class=\"w-vwrapper usg_vwrapper_2 align_center valign_top\"><div class=\"w-post-elm post_image usg_post_image_1 stretched\"><a href=\"https:\/\/granvelada.com\/blog\/7-errores-al-hacer-velas-que-en-realidad-son-mitos-virales\/\" aria-label=\"7 Errores al hacer velas que en realidad son mitos virales\"><img decoding=\"async\" title=\" \"width=\"424\" height=\"239\" src=\"https:\/\/granvelada.com\/blog\/wp-content\/uploads\/2026\/03\/siete-errores-al-hacer-velas-mitos-virales-portada-ES-424x239.jpg\" class=\"attachment-us_424_239_crop size-us_424_239_crop wp-post-image\" alt=\" \" srcset=\"https:\/\/granvelada.com\/blog\/wp-content\/uploads\/2026\/03\/siete-errores-al-hacer-velas-mitos-virales-portada-ES-424x239.jpg 424w, https:\/\/granvelada.com\/blog\/wp-content\/uploads\/2026\/03\/siete-errores-al-hacer-velas-mitos-virales-portada-ES-387x218.jpg 387w, https:\/\/granvelada.com\/blog\/wp-content\/uploads\/2026\/03\/siete-errores-al-hacer-velas-mitos-virales-portada-ES-848x477.jpg 848w, https:\/\/granvelada.com\/blog\/wp-content\/uploads\/2026\/03\/siete-errores-al-hacer-velas-mitos-virales-portada-ES-129x73.jpg 129w, https:\/\/granvelada.com\/blog\/wp-content\/uploads\/2026\/03\/siete-errores-al-hacer-velas-mitos-virales-portada-ES-768x432.jpg 768w, https:\/\/granvelada.com\/blog\/wp-content\/uploads\/2026\/03\/siete-errores-al-hacer-velas-mitos-virales-portada-ES-300x169.jpg 300w, https:\/\/granvelada.com\/blog\/wp-content\/uploads\/2026\/03\/siete-errores-al-hacer-velas-mitos-virales-portada-ES-317x178.jpg 317w, https:\/\/granvelada.com\/blog\/wp-content\/uploads\/2026\/03\/siete-errores-al-hacer-velas-mitos-virales-portada-ES-896x504.jpg 896w, https:\/\/granvelada.com\/blog\/wp-content\/uploads\/2026\/03\/siete-errores-al-hacer-velas-mitos-virales-portada-ES-581x327.jpg 581w, https:\/\/granvelada.com\/blog\/wp-content\/uploads\/2026\/03\/siete-errores-al-hacer-velas-mitos-virales-portada-ES-310x174.jpg 310w, https:\/\/granvelada.com\/blog\/wp-content\/uploads\/2026\/03\/siete-errores-al-hacer-velas-mitos-virales-portada-ES-232x131.jpg 232w, https:\/\/granvelada.com\/blog\/wp-content\/uploads\/2026\/03\/siete-errores-al-hacer-velas-mitos-virales-portada-ES-275x155.jpg 275w, https:\/\/granvelada.com\/blog\/wp-content\/uploads\/2026\/03\/siete-errores-al-hacer-velas-mitos-virales-portada-ES-1000x563.jpg 1000w, https:\/\/granvelada.com\/blog\/wp-content\/uploads\/2026\/03\/siete-errores-al-hacer-velas-mitos-virales-portada-ES-947x533.jpg 947w, https:\/\/granvelada.com\/blog\/wp-content\/uploads\/2026\/03\/siete-errores-al-hacer-velas-mitos-virales-portada-ES.jpg 1200w\" sizes=\"(max-width: 424px) 100vw, 424px\" \/><\/a><\/div><\/div><div class=\"w-vwrapper usg_vwrapper_3 align_center valign_top\"><time class=\"w-post-elm post_date usg_post_date_1 entry-date published\" datetime=\"2026-03-06T16:42:24+01:00\">6.03.26<\/time><h3 class=\"w-post-elm post_title usg_post_title_1 align_center entry-title color_link_inherit\"><a href=\"https:\/\/granvelada.com\/blog\/7-errores-al-hacer-velas-que-en-realidad-son-mitos-virales\/\">7 Errores al hacer velas que en realidad son mitos virales<\/a><\/h3><div class=\"w-hwrapper usg_hwrapper_1 align_justify valign_top\" style=\"--hwrapper-gap:1.20rem\"><a class=\"w-btn us-btn-style_11 usg_btn_1\" href=\"https:\/\/granvelada.com\/blog\/7-errores-al-hacer-velas-que-en-realidad-son-mitos-virales\/\"><span class=\"w-btn-label\">LEER POST<\/span><\/a><\/div><\/div><\/div>\t\t<\/div>\r\n\t<\/article>\r\n\t<article class=\"w-grid-item size_1x1 post-468 post type-post status-publish format-standard has-post-thumbnail hentry category-hacer-ambientadores category-hacer-manualidades category-post\" data-id=\"468\">\r\n\t\t<div class=\"w-grid-item-h\">\r\n\t\t\t\t\t\t<div class=\"w-vwrapper usg_vwrapper_1 align_center valign_top\"><div class=\"w-vwrapper usg_vwrapper_2 align_center valign_top\"><div class=\"w-post-elm post_image usg_post_image_1 stretched\"><a href=\"https:\/\/granvelada.com\/blog\/como-hacer-un-ambientador-casero-de-ceramica-perfumada\/\" aria-label=\"C\u00f3mo hacer cer\u00e1mica perfumada paso a paso para ambientar tu hogar\"><img decoding=\"async\" title=\" \"width=\"424\" height=\"239\" src=\"https:\/\/granvelada.com\/blog\/wp-content\/uploads\/2021\/08\/3007-ambientadores-ceramica-perfumada-portada2-424x239.jpg\" class=\"attachment-us_424_239_crop size-us_424_239_crop wp-post-image\" alt=\" \" srcset=\"https:\/\/granvelada.com\/blog\/wp-content\/uploads\/2021\/08\/3007-ambientadores-ceramica-perfumada-portada2-424x239.jpg 424w, https:\/\/granvelada.com\/blog\/wp-content\/uploads\/2021\/08\/3007-ambientadores-ceramica-perfumada-portada2-387x218.jpg 387w, https:\/\/granvelada.com\/blog\/wp-content\/uploads\/2021\/08\/3007-ambientadores-ceramica-perfumada-portada2-848x477.jpg 848w, https:\/\/granvelada.com\/blog\/wp-content\/uploads\/2021\/08\/3007-ambientadores-ceramica-perfumada-portada2-129x73.jpg 129w, https:\/\/granvelada.com\/blog\/wp-content\/uploads\/2021\/08\/3007-ambientadores-ceramica-perfumada-portada2-768x432.jpg 768w, https:\/\/granvelada.com\/blog\/wp-content\/uploads\/2021\/08\/3007-ambientadores-ceramica-perfumada-portada2-300x169.jpg 300w, https:\/\/granvelada.com\/blog\/wp-content\/uploads\/2021\/08\/3007-ambientadores-ceramica-perfumada-portada2-317x178.jpg 317w, https:\/\/granvelada.com\/blog\/wp-content\/uploads\/2021\/08\/3007-ambientadores-ceramica-perfumada-portada2-896x504.jpg 896w, https:\/\/granvelada.com\/blog\/wp-content\/uploads\/2021\/08\/3007-ambientadores-ceramica-perfumada-portada2-581x327.jpg 581w, https:\/\/granvelada.com\/blog\/wp-content\/uploads\/2021\/08\/3007-ambientadores-ceramica-perfumada-portada2-310x174.jpg 310w, https:\/\/granvelada.com\/blog\/wp-content\/uploads\/2021\/08\/3007-ambientadores-ceramica-perfumada-portada2-232x131.jpg 232w, https:\/\/granvelada.com\/blog\/wp-content\/uploads\/2021\/08\/3007-ambientadores-ceramica-perfumada-portada2-275x155.jpg 275w, https:\/\/granvelada.com\/blog\/wp-content\/uploads\/2021\/08\/3007-ambientadores-ceramica-perfumada-portada2-1000x563.jpg 1000w, https:\/\/granvelada.com\/blog\/wp-content\/uploads\/2021\/08\/3007-ambientadores-ceramica-perfumada-portada2-947x533.jpg 947w, https:\/\/granvelada.com\/blog\/wp-content\/uploads\/2021\/08\/3007-ambientadores-ceramica-perfumada-portada2.jpg 1200w\" sizes=\"(max-width: 424px) 100vw, 424px\" \/><\/a><\/div><\/div><div class=\"w-vwrapper usg_vwrapper_3 align_center valign_top\"><time class=\"w-post-elm post_date usg_post_date_1 entry-date published\" datetime=\"2026-03-06T10:20:00+01:00\">6.03.26<\/time><h3 class=\"w-post-elm post_title usg_post_title_1 align_center entry-title color_link_inherit\"><a href=\"https:\/\/granvelada.com\/blog\/como-hacer-un-ambientador-casero-de-ceramica-perfumada\/\">C\u00f3mo hacer cer\u00e1mica perfumada paso a paso para ambientar tu hogar<\/a><\/h3><div class=\"w-hwrapper usg_hwrapper_1 align_justify valign_top\" style=\"--hwrapper-gap:1.20rem\"><a class=\"w-btn us-btn-style_11 usg_btn_1\" href=\"https:\/\/granvelada.com\/blog\/como-hacer-un-ambientador-casero-de-ceramica-perfumada\/\"><span class=\"w-btn-label\">LEER POST<\/span><\/a><\/div><\/div><\/div>\t\t<\/div>\r\n\t<\/article>\r\n\t<article class=\"w-grid-item size_1x1 post-28178 post type-post status-publish format-standard has-post-thumbnail hentry category-destacados category-hacer-velas category-post category-ultimos-posts category-velas-aromaticas category-velas-decorativas category-velas-esotericas category-velas-naturales\" data-id=\"28178\">\r\n\t\t<div class=\"w-grid-item-h\">\r\n\t\t\t\t\t\t<div class=\"w-vwrapper usg_vwrapper_1 align_center valign_top\"><div class=\"w-vwrapper usg_vwrapper_2 align_center valign_top\"><div class=\"w-post-elm post_image usg_post_image_1 stretched\"><a href=\"https:\/\/granvelada.com\/blog\/como-hacer-velas-para-principiantes-guia-facil-paso-a-paso\/\" aria-label=\"C\u00f3mo hacer velas para principiantes (gu\u00eda f\u00e1cil paso a paso)\"><img decoding=\"async\" title=\" \"width=\"424\" height=\"239\" src=\"https:\/\/granvelada.com\/blog\/wp-content\/uploads\/2026\/03\/como-hacer-velas-para-principiantes-portada-ES-424x239.jpg\" class=\"attachment-us_424_239_crop size-us_424_239_crop wp-post-image\" alt=\" \" srcset=\"https:\/\/granvelada.com\/blog\/wp-content\/uploads\/2026\/03\/como-hacer-velas-para-principiantes-portada-ES-424x239.jpg 424w, https:\/\/granvelada.com\/blog\/wp-content\/uploads\/2026\/03\/como-hacer-velas-para-principiantes-portada-ES-387x218.jpg 387w, https:\/\/granvelada.com\/blog\/wp-content\/uploads\/2026\/03\/como-hacer-velas-para-principiantes-portada-ES-848x477.jpg 848w, https:\/\/granvelada.com\/blog\/wp-content\/uploads\/2026\/03\/como-hacer-velas-para-principiantes-portada-ES-129x73.jpg 129w, https:\/\/granvelada.com\/blog\/wp-content\/uploads\/2026\/03\/como-hacer-velas-para-principiantes-portada-ES-768x432.jpg 768w, https:\/\/granvelada.com\/blog\/wp-content\/uploads\/2026\/03\/como-hacer-velas-para-principiantes-portada-ES-300x169.jpg 300w, https:\/\/granvelada.com\/blog\/wp-content\/uploads\/2026\/03\/como-hacer-velas-para-principiantes-portada-ES-317x178.jpg 317w, https:\/\/granvelada.com\/blog\/wp-content\/uploads\/2026\/03\/como-hacer-velas-para-principiantes-portada-ES-896x504.jpg 896w, https:\/\/granvelada.com\/blog\/wp-content\/uploads\/2026\/03\/como-hacer-velas-para-principiantes-portada-ES-581x327.jpg 581w, https:\/\/granvelada.com\/blog\/wp-content\/uploads\/2026\/03\/como-hacer-velas-para-principiantes-portada-ES-310x174.jpg 310w, https:\/\/granvelada.com\/blog\/wp-content\/uploads\/2026\/03\/como-hacer-velas-para-principiantes-portada-ES-232x131.jpg 232w, https:\/\/granvelada.com\/blog\/wp-content\/uploads\/2026\/03\/como-hacer-velas-para-principiantes-portada-ES-275x155.jpg 275w, https:\/\/granvelada.com\/blog\/wp-content\/uploads\/2026\/03\/como-hacer-velas-para-principiantes-portada-ES-1000x563.jpg 1000w, https:\/\/granvelada.com\/blog\/wp-content\/uploads\/2026\/03\/como-hacer-velas-para-principiantes-portada-ES-947x533.jpg 947w, https:\/\/granvelada.com\/blog\/wp-content\/uploads\/2026\/03\/como-hacer-velas-para-principiantes-portada-ES.jpg 1200w\" sizes=\"(max-width: 424px) 100vw, 424px\" \/><\/a><\/div><\/div><div class=\"w-vwrapper usg_vwrapper_3 align_center valign_top\"><time class=\"w-post-elm post_date usg_post_date_1 entry-date published\" datetime=\"2026-03-05T20:34:10+01:00\">5.03.26<\/time><h3 class=\"w-post-elm post_title usg_post_title_1 align_center entry-title color_link_inherit\"><a href=\"https:\/\/granvelada.com\/blog\/como-hacer-velas-para-principiantes-guia-facil-paso-a-paso\/\">C\u00f3mo hacer velas para principiantes (gu\u00eda f\u00e1cil paso a paso)<\/a><\/h3><div class=\"w-hwrapper usg_hwrapper_1 align_justify valign_top\" style=\"--hwrapper-gap:1.20rem\"><a class=\"w-btn us-btn-style_11 usg_btn_1\" href=\"https:\/\/granvelada.com\/blog\/como-hacer-velas-para-principiantes-guia-facil-paso-a-paso\/\"><span class=\"w-btn-label\">LEER POST<\/span><\/a><\/div><\/div><\/div>\t\t<\/div>\r\n\t<\/article>\r\n\t<article class=\"w-grid-item size_1x1 post-28548 post type-post status-publish format-standard has-post-thumbnail hentry category-destacados category-hacer-jabones category-jabones-de-glicerina category-post category-ultimos-posts\" data-id=\"28548\">\r\n\t\t<div class=\"w-grid-item-h\">\r\n\t\t\t\t\t\t<div class=\"w-vwrapper usg_vwrapper_1 align_center valign_top\"><div class=\"w-vwrapper usg_vwrapper_2 align_center valign_top\"><div class=\"w-post-elm post_image usg_post_image_1 stretched\"><a href=\"https:\/\/granvelada.com\/blog\/como-hacer-jabon-con-acido-hialuronico-y-colageno-para-una-limpieza-hidratante\/\" aria-label=\"C\u00f3mo hacer jab\u00f3n con \u00e1cido hialur\u00f3nico y col\u00e1geno para una limpieza hidratante\"><img decoding=\"async\" title=\" \"width=\"424\" height=\"239\" src=\"https:\/\/granvelada.com\/blog\/wp-content\/uploads\/2026\/03\/3005-jabon-acido-hialuronico-portada2-424x239.jpg\" class=\"attachment-us_424_239_crop size-us_424_239_crop wp-post-image\" alt=\" \" srcset=\"https:\/\/granvelada.com\/blog\/wp-content\/uploads\/2026\/03\/3005-jabon-acido-hialuronico-portada2-424x239.jpg 424w, https:\/\/granvelada.com\/blog\/wp-content\/uploads\/2026\/03\/3005-jabon-acido-hialuronico-portada2-387x218.jpg 387w, https:\/\/granvelada.com\/blog\/wp-content\/uploads\/2026\/03\/3005-jabon-acido-hialuronico-portada2-848x477.jpg 848w, https:\/\/granvelada.com\/blog\/wp-content\/uploads\/2026\/03\/3005-jabon-acido-hialuronico-portada2-129x73.jpg 129w, https:\/\/granvelada.com\/blog\/wp-content\/uploads\/2026\/03\/3005-jabon-acido-hialuronico-portada2-768x432.jpg 768w, https:\/\/granvelada.com\/blog\/wp-content\/uploads\/2026\/03\/3005-jabon-acido-hialuronico-portada2-300x169.jpg 300w, https:\/\/granvelada.com\/blog\/wp-content\/uploads\/2026\/03\/3005-jabon-acido-hialuronico-portada2-317x178.jpg 317w, https:\/\/granvelada.com\/blog\/wp-content\/uploads\/2026\/03\/3005-jabon-acido-hialuronico-portada2-896x504.jpg 896w, https:\/\/granvelada.com\/blog\/wp-content\/uploads\/2026\/03\/3005-jabon-acido-hialuronico-portada2-581x327.jpg 581w, https:\/\/granvelada.com\/blog\/wp-content\/uploads\/2026\/03\/3005-jabon-acido-hialuronico-portada2-310x174.jpg 310w, https:\/\/granvelada.com\/blog\/wp-content\/uploads\/2026\/03\/3005-jabon-acido-hialuronico-portada2-232x131.jpg 232w, https:\/\/granvelada.com\/blog\/wp-content\/uploads\/2026\/03\/3005-jabon-acido-hialuronico-portada2-275x155.jpg 275w, https:\/\/granvelada.com\/blog\/wp-content\/uploads\/2026\/03\/3005-jabon-acido-hialuronico-portada2-1000x563.jpg 1000w, https:\/\/granvelada.com\/blog\/wp-content\/uploads\/2026\/03\/3005-jabon-acido-hialuronico-portada2-947x533.jpg 947w, https:\/\/granvelada.com\/blog\/wp-content\/uploads\/2026\/03\/3005-jabon-acido-hialuronico-portada2.jpg 1200w\" sizes=\"(max-width: 424px) 100vw, 424px\" \/><\/a><\/div><\/div><div class=\"w-vwrapper usg_vwrapper_3 align_center valign_top\"><time class=\"w-post-elm post_date usg_post_date_1 entry-date published\" datetime=\"2026-03-05T19:51:46+01:00\">5.03.26<\/time><h3 class=\"w-post-elm post_title usg_post_title_1 align_center entry-title color_link_inherit\"><a href=\"https:\/\/granvelada.com\/blog\/como-hacer-jabon-con-acido-hialuronico-y-colageno-para-una-limpieza-hidratante\/\">C\u00f3mo hacer jab\u00f3n con \u00e1cido hialur\u00f3nico y col\u00e1geno para una limpieza hidratante<\/a><\/h3><div class=\"w-hwrapper usg_hwrapper_1 align_justify valign_top\" style=\"--hwrapper-gap:1.20rem\"><a class=\"w-btn us-btn-style_11 usg_btn_1\" href=\"https:\/\/granvelada.com\/blog\/como-hacer-jabon-con-acido-hialuronico-y-colageno-para-una-limpieza-hidratante\/\"><span class=\"w-btn-label\">LEER POST<\/span><\/a><\/div><\/div><\/div>\t\t<\/div>\r\n\t<\/article>\r\n\t<article class=\"w-grid-item size_1x1 post-28029 post type-post status-publish format-standard has-post-thumbnail hentry category-consejos-y-trucos category-destacados category-hacer-perfumes category-manualidades-para-regalar category-post category-ultimos-posts\" data-id=\"28029\">\r\n\t\t<div class=\"w-grid-item-h\">\r\n\t\t\t\t\t\t<div class=\"w-vwrapper usg_vwrapper_1 align_center valign_top\"><div class=\"w-vwrapper usg_vwrapper_2 align_center valign_top\"><div class=\"w-post-elm post_image usg_post_image_1 stretched\"><a href=\"https:\/\/granvelada.com\/blog\/recetas-de-perfume\/\" aria-label=\"Recetas para hacer tu propio perfume y adaptarlo a tu d\u00eda a d\u00eda\"><img decoding=\"async\" title=\" \"width=\"424\" height=\"239\" src=\"https:\/\/granvelada.com\/blog\/wp-content\/uploads\/2026\/02\/recetas-para-hacer-tu-propio-perfume-portada-424x239.jpg\" class=\"attachment-us_424_239_crop size-us_424_239_crop wp-post-image\" alt=\" \" srcset=\"https:\/\/granvelada.com\/blog\/wp-content\/uploads\/2026\/02\/recetas-para-hacer-tu-propio-perfume-portada-424x239.jpg 424w, https:\/\/granvelada.com\/blog\/wp-content\/uploads\/2026\/02\/recetas-para-hacer-tu-propio-perfume-portada-387x218.jpg 387w, https:\/\/granvelada.com\/blog\/wp-content\/uploads\/2026\/02\/recetas-para-hacer-tu-propio-perfume-portada-848x477.jpg 848w, https:\/\/granvelada.com\/blog\/wp-content\/uploads\/2026\/02\/recetas-para-hacer-tu-propio-perfume-portada-129x73.jpg 129w, https:\/\/granvelada.com\/blog\/wp-content\/uploads\/2026\/02\/recetas-para-hacer-tu-propio-perfume-portada-768x432.jpg 768w, https:\/\/granvelada.com\/blog\/wp-content\/uploads\/2026\/02\/recetas-para-hacer-tu-propio-perfume-portada-300x169.jpg 300w, https:\/\/granvelada.com\/blog\/wp-content\/uploads\/2026\/02\/recetas-para-hacer-tu-propio-perfume-portada-317x178.jpg 317w, https:\/\/granvelada.com\/blog\/wp-content\/uploads\/2026\/02\/recetas-para-hacer-tu-propio-perfume-portada-896x504.jpg 896w, https:\/\/granvelada.com\/blog\/wp-content\/uploads\/2026\/02\/recetas-para-hacer-tu-propio-perfume-portada-581x327.jpg 581w, https:\/\/granvelada.com\/blog\/wp-content\/uploads\/2026\/02\/recetas-para-hacer-tu-propio-perfume-portada-310x174.jpg 310w, https:\/\/granvelada.com\/blog\/wp-content\/uploads\/2026\/02\/recetas-para-hacer-tu-propio-perfume-portada-232x131.jpg 232w, https:\/\/granvelada.com\/blog\/wp-content\/uploads\/2026\/02\/recetas-para-hacer-tu-propio-perfume-portada-275x155.jpg 275w, https:\/\/granvelada.com\/blog\/wp-content\/uploads\/2026\/02\/recetas-para-hacer-tu-propio-perfume-portada-1000x563.jpg 1000w, https:\/\/granvelada.com\/blog\/wp-content\/uploads\/2026\/02\/recetas-para-hacer-tu-propio-perfume-portada-947x533.jpg 947w, https:\/\/granvelada.com\/blog\/wp-content\/uploads\/2026\/02\/recetas-para-hacer-tu-propio-perfume-portada.jpg 1200w\" sizes=\"(max-width: 424px) 100vw, 424px\" \/><\/a><\/div><\/div><div class=\"w-vwrapper usg_vwrapper_3 align_center valign_top\"><time class=\"w-post-elm post_date usg_post_date_1 entry-date published\" datetime=\"2026-03-04T19:17:34+01:00\">4.03.26<\/time><h3 class=\"w-post-elm post_title usg_post_title_1 align_center entry-title color_link_inherit\"><a href=\"https:\/\/granvelada.com\/blog\/recetas-de-perfume\/\">Recetas para hacer tu propio perfume y adaptarlo a tu d\u00eda a d\u00eda<\/a><\/h3><div class=\"w-hwrapper usg_hwrapper_1 align_justify valign_top\" style=\"--hwrapper-gap:1.20rem\"><a class=\"w-btn us-btn-style_11 usg_btn_1\" href=\"https:\/\/granvelada.com\/blog\/recetas-de-perfume\/\"><span class=\"w-btn-label\">LEER POST<\/span><\/a><\/div><\/div><\/div>\t\t<\/div>\r\n\t<\/article>\r\n\t<article class=\"w-grid-item size_1x1 post-28491 post type-post status-publish format-standard has-post-thumbnail hentry category-destacados category-hacer-jabones category-jabon-liquido category-post category-ultimos-posts\" data-id=\"28491\">\r\n\t\t<div class=\"w-grid-item-h\">\r\n\t\t\t\t\t\t<div class=\"w-vwrapper usg_vwrapper_1 align_center valign_top\"><div class=\"w-vwrapper usg_vwrapper_2 align_center valign_top\"><div class=\"w-post-elm post_image usg_post_image_1 stretched\"><a href=\"https:\/\/granvelada.com\/blog\/receta-de-jabon-facial-dermoprotector-para-pieles-sensibles\/\" aria-label=\"Receta de jab\u00f3n facial dermoprotector para pieles sensibles\"><img decoding=\"async\" title=\" \"width=\"424\" height=\"239\" src=\"https:\/\/granvelada.com\/blog\/wp-content\/uploads\/2026\/03\/3006-jabon-dermoprotector-piel-sensible-portada2-424x239.jpg\" class=\"attachment-us_424_239_crop size-us_424_239_crop wp-post-image\" alt=\" \" srcset=\"https:\/\/granvelada.com\/blog\/wp-content\/uploads\/2026\/03\/3006-jabon-dermoprotector-piel-sensible-portada2-424x239.jpg 424w, https:\/\/granvelada.com\/blog\/wp-content\/uploads\/2026\/03\/3006-jabon-dermoprotector-piel-sensible-portada2-387x218.jpg 387w, https:\/\/granvelada.com\/blog\/wp-content\/uploads\/2026\/03\/3006-jabon-dermoprotector-piel-sensible-portada2-848x477.jpg 848w, https:\/\/granvelada.com\/blog\/wp-content\/uploads\/2026\/03\/3006-jabon-dermoprotector-piel-sensible-portada2-129x73.jpg 129w, https:\/\/granvelada.com\/blog\/wp-content\/uploads\/2026\/03\/3006-jabon-dermoprotector-piel-sensible-portada2-768x432.jpg 768w, https:\/\/granvelada.com\/blog\/wp-content\/uploads\/2026\/03\/3006-jabon-dermoprotector-piel-sensible-portada2-300x169.jpg 300w, https:\/\/granvelada.com\/blog\/wp-content\/uploads\/2026\/03\/3006-jabon-dermoprotector-piel-sensible-portada2-317x178.jpg 317w, https:\/\/granvelada.com\/blog\/wp-content\/uploads\/2026\/03\/3006-jabon-dermoprotector-piel-sensible-portada2-896x504.jpg 896w, https:\/\/granvelada.com\/blog\/wp-content\/uploads\/2026\/03\/3006-jabon-dermoprotector-piel-sensible-portada2-581x327.jpg 581w, https:\/\/granvelada.com\/blog\/wp-content\/uploads\/2026\/03\/3006-jabon-dermoprotector-piel-sensible-portada2-310x174.jpg 310w, https:\/\/granvelada.com\/blog\/wp-content\/uploads\/2026\/03\/3006-jabon-dermoprotector-piel-sensible-portada2-232x131.jpg 232w, https:\/\/granvelada.com\/blog\/wp-content\/uploads\/2026\/03\/3006-jabon-dermoprotector-piel-sensible-portada2-275x155.jpg 275w, https:\/\/granvelada.com\/blog\/wp-content\/uploads\/2026\/03\/3006-jabon-dermoprotector-piel-sensible-portada2-1000x563.jpg 1000w, https:\/\/granvelada.com\/blog\/wp-content\/uploads\/2026\/03\/3006-jabon-dermoprotector-piel-sensible-portada2-947x533.jpg 947w, https:\/\/granvelada.com\/blog\/wp-content\/uploads\/2026\/03\/3006-jabon-dermoprotector-piel-sensible-portada2.jpg 1200w\" sizes=\"(max-width: 424px) 100vw, 424px\" \/><\/a><\/div><\/div><div class=\"w-vwrapper usg_vwrapper_3 align_center valign_top\"><time class=\"w-post-elm post_date usg_post_date_1 entry-date published\" datetime=\"2026-03-04T12:43:08+01:00\">4.03.26<\/time><h3 class=\"w-post-elm post_title usg_post_title_1 align_center entry-title color_link_inherit\"><a href=\"https:\/\/granvelada.com\/blog\/receta-de-jabon-facial-dermoprotector-para-pieles-sensibles\/\">Receta de jab\u00f3n facial dermoprotector para pieles sensibles<\/a><\/h3><div class=\"w-hwrapper usg_hwrapper_1 align_justify valign_top\" style=\"--hwrapper-gap:1.20rem\"><a class=\"w-btn us-btn-style_11 usg_btn_1\" href=\"https:\/\/granvelada.com\/blog\/receta-de-jabon-facial-dermoprotector-para-pieles-sensibles\/\"><span class=\"w-btn-label\">LEER POST<\/span><\/a><\/div><\/div><\/div>\t\t<\/div>\r\n\t<\/article>\r\n\t<article class=\"w-grid-item size_1x1 post-28393 post type-post status-publish format-standard has-post-thumbnail hentry category-champu-casero category-post category-ultimos-posts\" data-id=\"28393\">\r\n\t\t<div class=\"w-grid-item-h\">\r\n\t\t\t\t\t\t<div class=\"w-vwrapper usg_vwrapper_1 align_center valign_top\"><div class=\"w-vwrapper usg_vwrapper_2 align_center valign_top\"><div class=\"w-post-elm post_image usg_post_image_1 stretched\"><a href=\"https:\/\/granvelada.com\/blog\/champu-solido-violeta-genciana-canas-amarillas\/\" aria-label=\"C\u00f3mo hacer champ\u00fa s\u00f3lido de violeta de genciana para matizar canas amarillas\"><img decoding=\"async\" title=\" \"width=\"424\" height=\"239\" src=\"https:\/\/granvelada.com\/blog\/wp-content\/uploads\/2026\/03\/3004-champu-matizador-canas-portada2-424x239.jpg\" class=\"attachment-us_424_239_crop size-us_424_239_crop wp-post-image\" alt=\" \" srcset=\"https:\/\/granvelada.com\/blog\/wp-content\/uploads\/2026\/03\/3004-champu-matizador-canas-portada2-424x239.jpg 424w, https:\/\/granvelada.com\/blog\/wp-content\/uploads\/2026\/03\/3004-champu-matizador-canas-portada2-387x218.jpg 387w, https:\/\/granvelada.com\/blog\/wp-content\/uploads\/2026\/03\/3004-champu-matizador-canas-portada2-848x477.jpg 848w, https:\/\/granvelada.com\/blog\/wp-content\/uploads\/2026\/03\/3004-champu-matizador-canas-portada2-129x73.jpg 129w, https:\/\/granvelada.com\/blog\/wp-content\/uploads\/2026\/03\/3004-champu-matizador-canas-portada2-768x432.jpg 768w, https:\/\/granvelada.com\/blog\/wp-content\/uploads\/2026\/03\/3004-champu-matizador-canas-portada2-300x169.jpg 300w, https:\/\/granvelada.com\/blog\/wp-content\/uploads\/2026\/03\/3004-champu-matizador-canas-portada2-317x178.jpg 317w, https:\/\/granvelada.com\/blog\/wp-content\/uploads\/2026\/03\/3004-champu-matizador-canas-portada2-896x504.jpg 896w, https:\/\/granvelada.com\/blog\/wp-content\/uploads\/2026\/03\/3004-champu-matizador-canas-portada2-581x327.jpg 581w, https:\/\/granvelada.com\/blog\/wp-content\/uploads\/2026\/03\/3004-champu-matizador-canas-portada2-310x174.jpg 310w, https:\/\/granvelada.com\/blog\/wp-content\/uploads\/2026\/03\/3004-champu-matizador-canas-portada2-232x131.jpg 232w, https:\/\/granvelada.com\/blog\/wp-content\/uploads\/2026\/03\/3004-champu-matizador-canas-portada2-275x155.jpg 275w, https:\/\/granvelada.com\/blog\/wp-content\/uploads\/2026\/03\/3004-champu-matizador-canas-portada2-1000x563.jpg 1000w, https:\/\/granvelada.com\/blog\/wp-content\/uploads\/2026\/03\/3004-champu-matizador-canas-portada2-947x533.jpg 947w, https:\/\/granvelada.com\/blog\/wp-content\/uploads\/2026\/03\/3004-champu-matizador-canas-portada2.jpg 1200w\" sizes=\"(max-width: 424px) 100vw, 424px\" \/><\/a><\/div><\/div><div class=\"w-vwrapper usg_vwrapper_3 align_center valign_top\"><time class=\"w-post-elm post_date usg_post_date_1 entry-date published\" datetime=\"2026-03-03T17:30:23+01:00\">3.03.26<\/time><h3 class=\"w-post-elm post_title usg_post_title_1 align_center entry-title color_link_inherit\"><a href=\"https:\/\/granvelada.com\/blog\/champu-solido-violeta-genciana-canas-amarillas\/\">C\u00f3mo hacer champ\u00fa s\u00f3lido de violeta de genciana para matizar canas amarillas<\/a><\/h3><div class=\"w-hwrapper usg_hwrapper_1 align_justify valign_top\" style=\"--hwrapper-gap:1.20rem\"><a class=\"w-btn us-btn-style_11 usg_btn_1\" href=\"https:\/\/granvelada.com\/blog\/champu-solido-violeta-genciana-canas-amarillas\/\"><span class=\"w-btn-label\">LEER POST<\/span><\/a><\/div><\/div><\/div>\t\t<\/div>\r\n\t<\/article>\r\n\t<article class=\"w-grid-item size_1x1 post-27944 post type-post status-publish format-standard has-post-thumbnail hentry category-hacer-fanales category-hacer-velas category-post category-ultimos-posts category-velas-decorativas\" data-id=\"27944\">\r\n\t\t<div class=\"w-grid-item-h\">\r\n\t\t\t\t\t\t<div class=\"w-vwrapper usg_vwrapper_1 align_center valign_top\"><div class=\"w-vwrapper usg_vwrapper_2 align_center valign_top\"><div class=\"w-post-elm post_image usg_post_image_1 stretched\"><a href=\"https:\/\/granvelada.com\/blog\/descubre-velas-fanal\/\" aria-label=\"Descubre qu\u00e9 son las velas fanal\"><img decoding=\"async\" title=\" \"width=\"424\" height=\"239\" src=\"https:\/\/granvelada.com\/blog\/wp-content\/uploads\/2026\/02\/que-son-las-velas-fanal-ES-424x239.jpg\" class=\"attachment-us_424_239_crop size-us_424_239_crop wp-post-image\" alt=\" \" srcset=\"https:\/\/granvelada.com\/blog\/wp-content\/uploads\/2026\/02\/que-son-las-velas-fanal-ES-424x239.jpg 424w, https:\/\/granvelada.com\/blog\/wp-content\/uploads\/2026\/02\/que-son-las-velas-fanal-ES-387x218.jpg 387w, https:\/\/granvelada.com\/blog\/wp-content\/uploads\/2026\/02\/que-son-las-velas-fanal-ES-848x477.jpg 848w, https:\/\/granvelada.com\/blog\/wp-content\/uploads\/2026\/02\/que-son-las-velas-fanal-ES-129x73.jpg 129w, https:\/\/granvelada.com\/blog\/wp-content\/uploads\/2026\/02\/que-son-las-velas-fanal-ES-768x432.jpg 768w, https:\/\/granvelada.com\/blog\/wp-content\/uploads\/2026\/02\/que-son-las-velas-fanal-ES-300x169.jpg 300w, https:\/\/granvelada.com\/blog\/wp-content\/uploads\/2026\/02\/que-son-las-velas-fanal-ES-317x178.jpg 317w, https:\/\/granvelada.com\/blog\/wp-content\/uploads\/2026\/02\/que-son-las-velas-fanal-ES-896x504.jpg 896w, https:\/\/granvelada.com\/blog\/wp-content\/uploads\/2026\/02\/que-son-las-velas-fanal-ES-581x327.jpg 581w, https:\/\/granvelada.com\/blog\/wp-content\/uploads\/2026\/02\/que-son-las-velas-fanal-ES-310x174.jpg 310w, https:\/\/granvelada.com\/blog\/wp-content\/uploads\/2026\/02\/que-son-las-velas-fanal-ES-232x131.jpg 232w, https:\/\/granvelada.com\/blog\/wp-content\/uploads\/2026\/02\/que-son-las-velas-fanal-ES-275x155.jpg 275w, https:\/\/granvelada.com\/blog\/wp-content\/uploads\/2026\/02\/que-son-las-velas-fanal-ES-1000x563.jpg 1000w, https:\/\/granvelada.com\/blog\/wp-content\/uploads\/2026\/02\/que-son-las-velas-fanal-ES-947x533.jpg 947w, https:\/\/granvelada.com\/blog\/wp-content\/uploads\/2026\/02\/que-son-las-velas-fanal-ES.jpg 1200w\" sizes=\"(max-width: 424px) 100vw, 424px\" \/><\/a><\/div><\/div><div class=\"w-vwrapper usg_vwrapper_3 align_center valign_top\"><time class=\"w-post-elm post_date usg_post_date_1 entry-date published\" datetime=\"2026-03-03T12:01:00+01:00\">3.03.26<\/time><h3 class=\"w-post-elm post_title usg_post_title_1 align_center entry-title color_link_inherit\"><a href=\"https:\/\/granvelada.com\/blog\/descubre-velas-fanal\/\">Descubre qu\u00e9 son las velas fanal<\/a><\/h3><div class=\"w-hwrapper usg_hwrapper_1 align_justify valign_top\" style=\"--hwrapper-gap:1.20rem\"><a class=\"w-btn us-btn-style_11 usg_btn_1\" href=\"https:\/\/granvelada.com\/blog\/descubre-velas-fanal\/\"><span class=\"w-btn-label\">LEER POST<\/span><\/a><\/div><\/div><\/div>\t\t<\/div>\r\n\t<\/article>\r\n<\/div><div class=\"w-grid-preloader\"><div class=\"g-preloader type_1\">\r\n\t<div><\/div>\r\n<\/div>\r\n<\/div>\t\t<div class=\"g-loadmore \">\r\n\t\t\t<div class=\"g-preloader type_1\">\r\n\t\t\t\t<div><\/div>\r\n\t\t\t<\/div>\r\n\t\t\t<a class=\"w-btn us-btn-style_11\" href=\"javascript:void(0)\">\r\n\t\t\t\t<span class=\"w-btn-label\">Cargar m\u00e1s<\/span>\r\n\t\t\t<\/a>\r\n\t\t<\/div>\r\n\t\t\t<div class=\"w-grid-json hidden\" onclick='return {&quot;action&quot;:&quot;us_ajax_grid&quot;,&quot;ajax_url&quot;:&quot;https:\\\/\\\/granvelada.com\\\/blog\\\/wp-admin\\\/admin-ajax.php&quot;,&quot;infinite_scroll&quot;:0,&quot;max_num_pages&quot;:25,&quot;pagination&quot;:&quot;ajax&quot;,&quot;permalink_url&quot;:&quot;https:\\\/\\\/granvelada.com\\\/blog\\\/wp-json\\\/wp\\\/v2\\\/pages\\\/15600&quot;,&quot;template_vars&quot;:{&quot;columns&quot;:&quot;4&quot;,&quot;exclude_items&quot;:&quot;none&quot;,&quot;img_size&quot;:&quot;default&quot;,&quot;ignore_items_size&quot;:false,&quot;items_layout&quot;:&quot;15578&quot;,&quot;items_offset&quot;:&quot;1&quot;,&quot;load_animation&quot;:&quot;none&quot;,&quot;overriding_link&quot;:&quot;none&quot;,&quot;post_id&quot;:15600,&quot;query_args&quot;:{&quot;post_type&quot;:[&quot;post&quot;],&quot;tax_query&quot;:[{&quot;taxonomy&quot;:&quot;category&quot;,&quot;field&quot;:&quot;slug&quot;,&quot;terms&quot;:[&quot;Post &quot;,&quot;Tips &quot;,&quot;Manualidades Gran Velada&quot;,&quot;Manualidades Gran Velada&quot;]}],&quot;post_status&quot;:[&quot;publish&quot;,&quot;pending&quot;,&quot;acf-disabled&quot;,&quot;emexpired&quot;,&quot;expired&quot;,&quot;cancelled&quot;,&quot;refunded&quot;,&quot;completed&quot;,&quot;failed&quot;],&quot;posts_per_page&quot;:&quot;12&quot;},&quot;orderby_query_args&quot;:{&quot;orderby&quot;:{&quot;date&quot;:&quot;DESC&quot;}},&quot;type&quot;:&quot;grid&quot;,&quot;us_grid_ajax_index&quot;:1,&quot;us_grid_filter_params&quot;:null,&quot;us_grid_index&quot;:1,&quot;_us_grid_post_type&quot;:&quot;post&quot;}}'><\/div>\r\n\t<\/div><\/div><\/div><\/div><\/div><\/div><\/section><section class=\"l-section wpb_row height_auto full_height valign_center width_full\"><div class=\"l-section-h i-cf\"><div class=\"g-cols vc_row via_flex valign_top type_default stacking_default\"><div class=\"vc_col-sm-6 wpb_column vc_column_container\"><div class=\"vc_column-inner\"><div class=\"wpb_wrapper\"><div class=\"w-video us_custom_d673ebcf align_center ratio_16x9\" onclick=\"return {&quot;player_html&quot;:&quot;&lt;iframe title=\\&quot;Gran Velada Academy\\&quot; width=\\&quot;640\\&quot; height=\\&quot;360\\&quot; src=\\&quot;https:\\\/\\\/www.youtube.com\\\/embed\\\/isF02HfHTLM?feature=oembed\\&quot; frameborder=\\&quot;0\\&quot; allow=\\&quot;accelerometer; autoplay; clipboard-write; encrypted-media; gyroscope; picture-in-picture; web-share\\&quot; referrerpolicy=\\&quot;strict-origin-when-cross-origin\\&quot; allowfullscreen&gt;&lt;\\\/iframe&gt;&quot;}\"><div class=\"w-video-h\"><iframe title=\"Youtube video player\" src=\"\/\/www.youtube.com\/embed\/isF02HfHTLM?origin=https:\/\/granvelada.com\/blog&controls=1\" allowfullscreen=\"1\" loading=\"lazy\"><\/iframe><\/div><div class=\"w-video-icon\" style=\"font-size:1.5rem;background:rgba(0,0,0,0.5);color:#fff\"><\/div><\/div><\/div><\/div><\/div><div class=\"vc_col-sm-6 wpb_column vc_column_container\"><div class=\"vc_column-inner\"><div class=\"wpb_wrapper\"><div class=\"wpb_text_column\"><div class=\"wpb_wrapper\"><h1>RECETAS GRAN VELADA<\/h1>\n<p>Descubre todos<\/p>\n<\/div><\/div><\/div><\/div><\/div><\/div><\/div><\/section>\n","protected":false},"excerpt":{"rendered":"Las velas fanal son uno de esos objetos que muchas personas han visto encendidos, pero no saben exactamente c\u00f3mo funcionan ni por qu\u00e9 se utilizan de esa manera. A simple vista parecen velas grandes y decorativas, pero en realidad su uso es distinto al de una vela tradicional, y entender esa diferencia es lo que...","protected":false},"author":9,"featured_media":0,"parent":0,"menu_order":0,"comment_status":"closed","ping_status":"closed","template":"","meta":{"_acf_changed":false,"_monsterinsights_skip_tracking":false,"_monsterinsights_sitenote_active":false,"_monsterinsights_sitenote_note":"","_monsterinsights_sitenote_category":0,"_uf_show_specific_survey":0,"_uf_disable_surveys":false,"footnotes":""},"class_list":["post-15600","page","type-page","status-publish","hentry"],"acf":[],"yoast_head":"<!-- This site is optimized with the Yoast SEO plugin v19.13 - https:\/\/yoast.com\/wordpress\/plugins\/seo\/ -->\n<title>Recetas para hacer jab\u00f3n, cosm\u00e9tica, cremas, velas y mucho m\u00e1s<\/title>\n<meta name=\"description\" content=\"Descubre c\u00f3mo hacer paso a paso jabones, cosm\u00e9tica, velas, cremas y detalles en el blog de Gran Velada de forma gratuita.\" \/>\n<meta name=\"robots\" content=\"index, follow, max-snippet:-1, max-image-preview:large, max-video-preview:-1\" \/>\n<link rel=\"canonical\" href=\"https:\/\/granvelada.com\/blog\/recetas\/\" \/>\n<meta property=\"og:locale\" content=\"es_ES\" \/>\n<meta property=\"og:type\" content=\"article\" \/>\n<meta property=\"og:title\" content=\"Recetas para hacer jab\u00f3n, cosm\u00e9tica, cremas, velas y mucho m\u00e1s\" \/>\n<meta property=\"og:description\" content=\"Descubre c\u00f3mo hacer paso a paso jabones, cosm\u00e9tica, velas, cremas y detalles en el blog de Gran Velada de forma gratuita.\" \/>\n<meta property=\"og:url\" content=\"https:\/\/granvelada.com\/blog\/recetas\/\" \/>\n<meta property=\"og:site_name\" content=\"Blog de Gran Velada\" \/>\n<meta property=\"article:publisher\" content=\"https:\/\/es-la.facebook.com\/hacerjabon\" \/>\n<meta property=\"article:modified_time\" content=\"2024-08-06T09:02:05+00:00\" \/>\n<meta name=\"twitter:card\" content=\"summary_large_image\" \/>\n<meta name=\"twitter:site\" content=\"@granvelada\" \/>\n<meta name=\"twitter:label1\" content=\"Tiempo de lectura\" \/>\n\t<meta name=\"twitter:data1\" content=\"1 minuto\" \/>\n<script type=\"application\/ld+json\" class=\"yoast-schema-graph\">{\"@context\":\"https:\/\/schema.org\",\"@graph\":[{\"@type\":\"WebPage\",\"@id\":\"https:\/\/granvelada.com\/blog\/recetas\/\",\"url\":\"https:\/\/granvelada.com\/blog\/recetas\/\",\"name\":\"Recetas para hacer jab\u00f3n, cosm\u00e9tica, cremas, velas y mucho m\u00e1s\",\"isPartOf\":{\"@id\":\"https:\/\/granvelada.com\/blog\/#website\"},\"datePublished\":\"2021-08-18T21:04:04+00:00\",\"dateModified\":\"2024-08-06T09:02:05+00:00\",\"description\":\"Descubre c\u00f3mo hacer paso a paso jabones, cosm\u00e9tica, velas, cremas y detalles en el blog de Gran Velada de forma gratuita.\",\"breadcrumb\":{\"@id\":\"https:\/\/granvelada.com\/blog\/recetas\/#breadcrumb\"},\"inLanguage\":\"es\",\"potentialAction\":[{\"@type\":\"ReadAction\",\"target\":[\"https:\/\/granvelada.com\/blog\/recetas\/\"]}]},{\"@type\":\"BreadcrumbList\",\"@id\":\"https:\/\/granvelada.com\/blog\/recetas\/#breadcrumb\",\"itemListElement\":[{\"@type\":\"ListItem\",\"position\":1,\"name\":\"Portada\",\"item\":\"https:\/\/granvelada.com\/blog\/\"},{\"@type\":\"ListItem\",\"position\":2,\"name\":\"Recetas\"}]},{\"@type\":\"WebSite\",\"@id\":\"https:\/\/granvelada.com\/blog\/#website\",\"url\":\"https:\/\/granvelada.com\/blog\/\",\"name\":\"Blog de Gran Velada\",\"description\":\"Recetas y tutoriales para hacer cremas, jabones, velas, detalles y cosm\u00e9tica casera\",\"publisher\":{\"@id\":\"https:\/\/granvelada.com\/blog\/#organization\"},\"potentialAction\":[{\"@type\":\"SearchAction\",\"target\":{\"@type\":\"EntryPoint\",\"urlTemplate\":\"https:\/\/granvelada.com\/blog\/?s={search_term_string}\"},\"query-input\":\"required name=search_term_string\"}],\"inLanguage\":\"es\"},{\"@type\":\"Organization\",\"@id\":\"https:\/\/granvelada.com\/blog\/#organization\",\"name\":\"Granvelada.com\",\"url\":\"https:\/\/granvelada.com\/blog\/\",\"logo\":{\"@type\":\"ImageObject\",\"inLanguage\":\"es\",\"@id\":\"https:\/\/granvelada.com\/blog\/#\/schema\/logo\/image\/\",\"url\":\"https:\/\/granvelada.com\/blog\/wp-content\/uploads\/2015\/06\/hacervelas-granvelada.jpg\",\"contentUrl\":\"https:\/\/granvelada.com\/blog\/wp-content\/uploads\/2015\/06\/hacervelas-granvelada.jpg\",\"width\":851,\"height\":315,\"caption\":\"Granvelada.com\"},\"image\":{\"@id\":\"https:\/\/granvelada.com\/blog\/#\/schema\/logo\/image\/\"},\"sameAs\":[\"https:\/\/www.pinterest.com\/hacerjabon\/\",\"https:\/\/www.youtube.com\/user\/hacerjabones\",\"https:\/\/es-la.facebook.com\/hacerjabon\",\"https:\/\/twitter.com\/granvelada\"]}]}<\/script>\n<!-- \/ Yoast SEO plugin. -->","yoast_head_json":{"title":"Recetas para hacer jab\u00f3n, cosm\u00e9tica, cremas, velas y mucho m\u00e1s","description":"Descubre c\u00f3mo hacer paso a paso jabones, cosm\u00e9tica, velas, cremas y detalles en el blog de Gran Velada de forma gratuita.","robots":{"index":"index","follow":"follow","max-snippet":"max-snippet:-1","max-image-preview":"max-image-preview:large","max-video-preview":"max-video-preview:-1"},"canonical":"https:\/\/granvelada.com\/blog\/recetas\/","og_locale":"es_ES","og_type":"article","og_title":"Recetas para hacer jab\u00f3n, cosm\u00e9tica, cremas, velas y mucho m\u00e1s","og_description":"Descubre c\u00f3mo hacer paso a paso jabones, cosm\u00e9tica, velas, cremas y detalles en el blog de Gran Velada de forma gratuita.","og_url":"https:\/\/granvelada.com\/blog\/recetas\/","og_site_name":"Blog de Gran Velada","article_publisher":"https:\/\/es-la.facebook.com\/hacerjabon","article_modified_time":"2024-08-06T09:02:05+00:00","twitter_card":"summary_large_image","twitter_site":"@granvelada","twitter_misc":{"Tiempo de lectura":"1 minuto"},"schema":{"@context":"https:\/\/schema.org","@graph":[{"@type":"WebPage","@id":"https:\/\/granvelada.com\/blog\/recetas\/","url":"https:\/\/granvelada.com\/blog\/recetas\/","name":"Recetas para hacer jab\u00f3n, cosm\u00e9tica, cremas, velas y mucho m\u00e1s","isPartOf":{"@id":"https:\/\/granvelada.com\/blog\/#website"},"datePublished":"2021-08-18T21:04:04+00:00","dateModified":"2024-08-06T09:02:05+00:00","description":"Descubre c\u00f3mo hacer paso a paso jabones, cosm\u00e9tica, velas, cremas y detalles en el blog de Gran Velada de forma gratuita.","breadcrumb":{"@id":"https:\/\/granvelada.com\/blog\/recetas\/#breadcrumb"},"inLanguage":"es","potentialAction":[{"@type":"ReadAction","target":["https:\/\/granvelada.com\/blog\/recetas\/"]}]},{"@type":"BreadcrumbList","@id":"https:\/\/granvelada.com\/blog\/recetas\/#breadcrumb","itemListElement":[{"@type":"ListItem","position":1,"name":"Portada","item":"https:\/\/granvelada.com\/blog\/"},{"@type":"ListItem","position":2,"name":"Recetas"}]},{"@type":"WebSite","@id":"https:\/\/granvelada.com\/blog\/#website","url":"https:\/\/granvelada.com\/blog\/","name":"Blog de Gran Velada","description":"Recetas y tutoriales para hacer cremas, jabones, velas, detalles y cosm\u00e9tica casera","publisher":{"@id":"https:\/\/granvelada.com\/blog\/#organization"},"potentialAction":[{"@type":"SearchAction","target":{"@type":"EntryPoint","urlTemplate":"https:\/\/granvelada.com\/blog\/?s={search_term_string}"},"query-input":"required name=search_term_string"}],"inLanguage":"es"},{"@type":"Organization","@id":"https:\/\/granvelada.com\/blog\/#organization","name":"Granvelada.com","url":"https:\/\/granvelada.com\/blog\/","logo":{"@type":"ImageObject","inLanguage":"es","@id":"https:\/\/granvelada.com\/blog\/#\/schema\/logo\/image\/","url":"https:\/\/granvelada.com\/blog\/wp-content\/uploads\/2015\/06\/hacervelas-granvelada.jpg","contentUrl":"https:\/\/granvelada.com\/blog\/wp-content\/uploads\/2015\/06\/hacervelas-granvelada.jpg","width":851,"height":315,"caption":"Granvelada.com"},"image":{"@id":"https:\/\/granvelada.com\/blog\/#\/schema\/logo\/image\/"},"sameAs":["https:\/\/www.pinterest.com\/hacerjabon\/","https:\/\/www.youtube.com\/user\/hacerjabones","https:\/\/es-la.facebook.com\/hacerjabon","https:\/\/twitter.com\/granvelada"]}]}},"_links":{"self":[{"href":"https:\/\/granvelada.com\/blog\/wp-json\/wp\/v2\/pages\/15600","targetHints":{"allow":["GET"]}}],"collection":[{"href":"https:\/\/granvelada.com\/blog\/wp-json\/wp\/v2\/pages"}],"about":[{"href":"https:\/\/granvelada.com\/blog\/wp-json\/wp\/v2\/types\/page"}],"author":[{"embeddable":true,"href":"https:\/\/granvelada.com\/blog\/wp-json\/wp\/v2\/users\/9"}],"replies":[{"embeddable":true,"href":"https:\/\/granvelada.com\/blog\/wp-json\/wp\/v2\/comments?post=15600"}],"version-history":[{"count":14,"href":"https:\/\/granvelada.com\/blog\/wp-json\/wp\/v2\/pages\/15600\/revisions"}],"predecessor-version":[{"id":21783,"href":"https:\/\/granvelada.com\/blog\/wp-json\/wp\/v2\/pages\/15600\/revisions\/21783"}],"wp:attachment":[{"href":"https:\/\/granvelada.com\/blog\/wp-json\/wp\/v2\/media?parent=15600"}],"curies":[{"name":"wp","href":"https:\/\/api.w.org\/{rel}","templated":true}]}}